{"id":3495,"date":"2026-07-16T20:43:12","date_gmt":"2026-07-16T18:43:12","guid":{"rendered":"https:\/\/www.rouesse-vasse.fr\/?page_id=3495"},"modified":"2026-07-26T17:36:30","modified_gmt":"2026-07-26T15:36:30","slug":"arretes-municipaux","status":"publish","type":"page","link":"https:\/\/www.rouesse-vasse.fr\/index.php\/la-municipalite\/arretes-municipaux\/","title":{"rendered":"Arr\u00eat\u00e9s municipaux"},"content":{"rendered":"\t\t<div data-elementor-type=\"wp-page\" data-elementor-id=\"3495\" class=\"elementor elementor-3495\" data-elementor-settings=\"[]\">\n\t\t\t\t\t\t<div class=\"elementor-inner\">\n\t\t\t\t\t\t\t<div class=\"elementor-section-wrap\">\n\t\t\t\t\t\t\t<section class=\"elementor-section elementor-top-section elementor-element elementor-element-435e506 elementor-section-boxed elementor-section-height-default elementor-section-height-default\" data-id=\"435e506\" data-element_type=\"section\">\n\t\t\t\t\t\t<div class=\"elementor-container elementor-column-gap-default\">\n\t\t\t\t\t\t\t<div class=\"elementor-row\">\n\t\t\t\t\t<div class=\"elementor-column elementor-col-100 elementor-top-column elementor-element elementor-element-1ec632e8\" data-id=\"1ec632e8\" data-element_type=\"column\">\n\t\t\t<div class=\"elementor-column-wrap elementor-element-populated\">\n\t\t\t\t\t\t\t<div class=\"elementor-widget-wrap\">\n\t\t\t\t\t\t<div class=\"elementor-element elementor-element-49f093b5 elementor-widget elementor-widget-text-editor\" data-id=\"49f093b5\" data-element_type=\"widget\" data-widget_type=\"text-editor.default\">\n\t\t\t\t<div class=\"elementor-widget-container\">\n\t\t\t\t\t<div class=\"elementor-text-editor elementor-clearfix\"><!-- wp:paragraph -->\n<p>\u00a0<\/p>\n<!-- \/wp:paragraph --><!-- wp:paragraph -->\n<p>\u00a0<\/p>\n<!-- \/wp:paragraph --><\/div>\n\t\t\t\t<\/div>\n\t\t\t\t<\/div>\n\t\t\t\t<div class=\"elementor-element elementor-element-9267854 elementor-icon-list--layout-traditional elementor-list-item-link-full_width elementor-widget elementor-widget-icon-list\" data-id=\"9267854\" data-element_type=\"widget\" data-widget_type=\"icon-list.default\">\n\t\t\t\t<div class=\"elementor-widget-container\">\n\t\t\t\t\t<ul class=\"elementor-icon-list-items\">\n\t\t\t\t\t\t\t<li class=\"elementor-icon-list-item\">\n\t\t\t\t\t<a href=\"https:\/\/www.rouesse-vasse.fr\/wp-content\/uploads\/2026\/07\/AP-eleve-72-24-juillet-2026.pdf\">\t\t\t\t\t\t<span class=\"elementor-icon-list-icon\">\n\t\t\t\t\t\t\t<i aria-hidden=\"true\" class=\"fas fa-file-alt\"><\/i>\t\t\t\t\t\t<\/span>\n\t\t\t\t\t\t\t\t\t\t<span class=\"elementor-icon-list-text\">Arr\u00eat\u00e9 pr\u00e9fectoral - Mesures temporaires de pr\u00e9vention des incendies et de protection des for\u00eats<\/span>\n\t\t\t\t\t\t\t\t\t\t\t<\/a>\n\t\t\t\t\t\t\t\t\t<\/li>\n\t\t\t\t\t\t\t\t<li class=\"elementor-icon-list-item\">\n\t\t\t\t\t<a href=\"https:\/\/www.rouesse-vasse.fr\/wp-content\/uploads\/2026\/07\/AP_travaux_agricoles_secheresse-_-prolongation-15-aout.pdf\">\t\t\t\t\t\t<span class=\"elementor-icon-list-icon\">\n\t\t\t\t\t\t\t<i aria-hidden=\"true\" class=\"far fa-file-alt\"><\/i>\t\t\t\t\t\t<\/span>\n\t\t\t\t\t\t\t\t\t\t<span class=\"elementor-icon-list-text\">Arr\u00eat\u00e9 pr\u00e9fectoral - Conditions de r\u00e9alisation des travaux agricoles dans un contexte de s\u00e9cheresse exceptionnelle<\/span>\n\t\t\t\t\t\t\t\t\t\t\t<\/a>\n\t\t\t\t\t\t\t\t\t<\/li>\n\t\t\t\t\t\t<\/ul>\n\t\t\t\t<\/div>\n\t\t\t\t<\/div>\n\t\t\t\t\t\t<\/div>\n\t\t\t\t\t<\/div>\n\t\t<\/div>\n\t\t\t\t\t\t\t\t<\/div>\n\t\t\t\t\t<\/div>\n\t\t<\/section>\n\t\t\t\t\t\t<\/div>\n\t\t\t\t\t\t<\/div>\n\t\t\t\t\t<\/div>\n\t\t","protected":false},"excerpt":{"rendered":"<p>\u00a0 \u00a0 Arr\u00eat\u00e9 pr\u00e9fectoral &#8211; Mesures temporaires de pr\u00e9vention des incendies et de protection des for\u00eats Arr\u00eat\u00e9 pr\u00e9fectoral &#8211; Conditions de r\u00e9alisation des travaux agricoles dans un contexte de s\u00e9cheresse exceptionnelle<\/p>\n","protected":false},"author":1,"featured_media":0,"parent":45,"menu_order":0,"comment_status":"closed","ping_status":"closed","template":"","meta":{"_uag_custom_page_level_css":"","footnotes":""},"class_list":["post-3495","page","type-page","status-publish","hentry"],"uagb_featured_image_src":{"full":false,"thumbnail":false,"medium":false,"medium_large":false,"large":false,"thumblist":false,"meccarouselthumb":false,"gridsquare":false,"tileview":false,"1536x1536":false,"2048x2048":false},"uagb_author_info":{"display_name":"Mairie","author_link":"https:\/\/www.rouesse-vasse.fr\/index.php\/author\/admin9164\/"},"uagb_comment_info":0,"uagb_excerpt":"\u00a0 \u00a0 Arr\u00eat\u00e9 pr\u00e9fectoral &#8211; Mesures temporaires de pr\u00e9vention des incendies et de protection des for\u00eats Arr\u00eat\u00e9 pr\u00e9fectoral &#8211; Conditions de r\u00e9alisation des travaux agricoles dans un contexte de s\u00e9cheresse exceptionnelle","_links":{"self":[{"href":"https:\/\/www.rouesse-vasse.fr\/index.php\/wp-json\/wp\/v2\/pages\/3495","targetHints":{"allow":["GET"]}}],"collection":[{"href":"https:\/\/www.rouesse-vasse.fr\/index.php\/wp-json\/wp\/v2\/pages"}],"about":[{"href":"https:\/\/www.rouesse-vasse.fr\/index.php\/wp-json\/wp\/v2\/types\/page"}],"author":[{"embeddable":true,"href":"https:\/\/www.rouesse-vasse.fr\/index.php\/wp-json\/wp\/v2\/users\/1"}],"replies":[{"embeddable":true,"href":"https:\/\/www.rouesse-vasse.fr\/index.php\/wp-json\/wp\/v2\/comments?post=3495"}],"version-history":[{"count":9,"href":"https:\/\/www.rouesse-vasse.fr\/index.php\/wp-json\/wp\/v2\/pages\/3495\/revisions"}],"predecessor-version":[{"id":3516,"href":"https:\/\/www.rouesse-vasse.fr\/index.php\/wp-json\/wp\/v2\/pages\/3495\/revisions\/3516"}],"up":[{"embeddable":true,"href":"https:\/\/www.rouesse-vasse.fr\/index.php\/wp-json\/wp\/v2\/pages\/45"}],"wp:attachment":[{"href":"https:\/\/www.rouesse-vasse.fr\/index.php\/wp-json\/wp\/v2\/media?parent=3495"}],"curies":[{"name":"wp","href":"https:\/\/api.w.org\/{rel}","templated":true}]}}